{"id":8719,"date":"2025-02-21T15:52:07","date_gmt":"2025-02-21T14:52:07","guid":{"rendered":"https:\/\/www.emun.eus\/salaketa-kanala\/"},"modified":"2026-01-15T10:59:43","modified_gmt":"2026-01-15T09:59:43","slug":"canal-de-denuncia","status":"publish","type":"page","link":"https:\/\/www.emun.eus\/es\/canal-de-denuncia\/","title":{"rendered":"Canal de denuncia"},"content":{"rendered":"<p>La sociedad cooperativa Emun Koop. E. (en adelante, \u00abEMUN\u00bb) pone a tu disposici\u00f3n su Canal de Denuncia para que las personas relacionadas con la actividad de la cooperativa puedan informar de forma confidencial de cualquier acto u omisi\u00f3n que pueda constituir una infracci\u00f3n legal, especialmente penal o administrativa.<\/p>\n<p>Emun se basa en una pol\u00edtica de gesti\u00f3n \u00e9tica corporativa basada en el principio de \u00abtolerancia cero\u00bb para poder hacer frente a actos il\u00edcitos, incumplimientos normativos o cualquier tipo de corrupci\u00f3n, abuso o discriminaci\u00f3n.<\/p>\n<p>Nuestro Canal de Denuncia est\u00e1 gestionado por una empresa externa para dar la m\u00e1xima confidencialidad y objetividad a las comunicaciones que se reciban.<\/p>\n<p>Para utilizar el Canal de Denuncia, las personas usuarias deben actuar de buena fe. La informaci\u00f3n que ofrezcan a trav\u00e9s del Canal de Denuncia debe ser veraz y exclusivamente relativa a una acci\u00f3n u omisi\u00f3n que pueda suponer una infracci\u00f3n legal o una posible vulneraci\u00f3n de las normas corporativas. El Canal de Denuncia no podr\u00e1 ser utilizado para otros fines.<\/p>\n<p>La normativa garantiza que no habr\u00e1 represalias contra las personas que hagan un buen uso del Canal de Denuncia, pero tambi\u00e9n establece sanciones para los casos en los que se utilice de forma malintencionada, como la comunicaci\u00f3n de informaciones falsas o incompletas.<\/p>\n<p>El Canal de Denuncia est\u00e1 disponible en el siguiente <a href=\"https:\/\/centinela.lefebvre.es\/public\/concept\/2376581?access=oCRUvMGK08ULPFgKPzE6FItNroWfB5SlRMh1iNmj56E%3D\">enlace<\/a><\/p>\n<p>El funcionamiento de nuestro Canal de Denuncia y del Sistema de Informaci\u00f3n Interna estar\u00e1 en todo momento de acuerdo con lo establecido en la Directiva 2019\/1937 de la Uni\u00f3n Europea sobre la protecci\u00f3n de las personas que informen sobre infracciones del Derecho de la Uni\u00f3n, la Ley 2\/2023, de 20 de febrero, y otras normas que complementen, desarrollen o sustituyan las citadas.<\/p>\n<p>Si quieres m\u00e1s informaci\u00f3n sobre este tema, ponte en contacto con nosotras\/os en esta direcci\u00f3n de correo electr\u00f3nico: <a href=\"mailto:konfidentzialtasunez@emun.eus\">konfidentzialtasunez@emun.eus<\/a><\/p>\n","protected":false},"excerpt":{"rendered":"<p>La sociedad cooperativa Emun Koop. E. (en adelante, \u00abEMUN\u00bb) pone a tu disposici\u00f3n su Canal de Denuncia para que las personas relacionadas con la actividad de la cooperativa puedan informar de forma confidencial de cualquier acto u omisi\u00f3n que pueda constituir una infracci\u00f3n legal, especialmente penal o administrativa. Emun se basa en una pol\u00edtica de [&hellip;]<\/p>\n","protected":false},"author":1,"featured_media":3715,"parent":0,"menu_order":0,"comment_status":"closed","ping_status":"closed","template":"","meta":{"_acf_changed":false,"footnotes":""},"tags":[],"acf":[],"_links":{"self":[{"href":"https:\/\/www.emun.eus\/es\/wp-json\/wp\/v2\/pages\/8719"}],"collection":[{"href":"https:\/\/www.emun.eus\/es\/wp-json\/wp\/v2\/pages"}],"about":[{"href":"https:\/\/www.emun.eus\/es\/wp-json\/wp\/v2\/types\/page"}],"author":[{"embeddable":true,"href":"https:\/\/www.emun.eus\/es\/wp-json\/wp\/v2\/users\/1"}],"replies":[{"embeddable":true,"href":"https:\/\/www.emun.eus\/es\/wp-json\/wp\/v2\/comments?post=8719"}],"version-history":[{"count":8,"href":"https:\/\/www.emun.eus\/es\/wp-json\/wp\/v2\/pages\/8719\/revisions"}],"predecessor-version":[{"id":9062,"href":"https:\/\/www.emun.eus\/es\/wp-json\/wp\/v2\/pages\/8719\/revisions\/9062"}],"wp:featuredmedia":[{"embeddable":true,"href":"https:\/\/www.emun.eus\/es\/wp-json\/wp\/v2\/media\/3715"}],"wp:attachment":[{"href":"https:\/\/www.emun.eus\/es\/wp-json\/wp\/v2\/media?parent=8719"}],"wp:term":[{"taxonomy":"post_tag","embeddable":true,"href":"https:\/\/www.emun.eus\/es\/wp-json\/wp\/v2\/tags?post=8719"}],"curies":[{"name":"wp","href":"https:\/\/api.w.org\/{rel}","templated":true}]}}